{"id":117,"date":"2014-12-27T00:11:19","date_gmt":"2014-12-26T23:11:19","guid":{"rendered":"http:\/\/www.mansueviva.it\/cineforum\/wp\/?page_id=117"},"modified":"2022-01-05T14:12:07","modified_gmt":"2022-01-05T13:12:07","slug":"2014-2","status":"publish","type":"page","link":"https:\/\/www.mansueviva.it\/cineforum\/wp\/?page_id=117","title":{"rendered":"Presentazione 2014"},"content":{"rendered":"<p><strong><span style=\"font-size: large;\">CINEFORUM PARROCCHIALE, 2014<\/span><\/strong><\/p>\n<p>Presso la Sala proiezioni della Canonica di Basalghelle, dopo l\u2019edizione \u201cOltre i Muri\u201d del 2013, ritorna il Cineforum parrocchiale: \u00e8 titolato \u201c<b>ESTREMI<\/b>\u201d in riferimento a tematiche che presentano storie di vita individuale o collettiva, del presente o del passato, reali o simboliche, che sono problematicamente \u201cal limite\u201d e ci\u00f2 per intensit\u00e0 e durezza, per verit\u00e0 e valore.<\/p>\n<div align=\"center\">\n<hr align=\"center\" size=\"2\" width=\"100%\"\/>\n<\/div>\n<p>La prima proiezione \u00e8 un omaggio a <b>Federico Fellini<\/b>, con uno dei suoi film pi\u00f9 singolari, \u201c<b>Prova d\u2019orchestra<\/b>\u201d (1979) che, avvicinando il mondo dei musicisti, affronta il problema dei ruoli e dei rapporti tra individui, potere e massmedia.<\/p>\n<div align=\"center\">\n<hr align=\"center\" size=\"2\" width=\"100%\"\/>\n<\/div>\n<p>Una vita religiosa vissuta con un\u2019altissima tensione spirituale \u00e8 tema centrale de \u201c<b>L\u2019isol<\/b>a\u201d (2006) di <b>Pavel Lunguin<\/b>&nbsp; che ha per protagonista un monaco che vive una fede sofferta, spesso in conflittuale rapporto con il mondo delle degli uomini e delle cose.<\/p>\n<div align=\"center\">\n<hr align=\"center\" size=\"2\" width=\"100%\"\/>\n<\/div>\n<p>Segue \u201c<b>Iqbal<\/b>\u201d (1998) di <b>Cinzia Torrini<\/b> che, ispirandosi ad una storia vera, propone una intensa riflessione sul lavoro infantile e sullo sfruttamento disumano che crea schiavit\u00f9 e provoca morte.<\/p>\n<div align=\"center\">\n<hr align=\"center\" size=\"2\" width=\"100%\"\/>\n<\/div>\n<p>Infine \u201c<b>L\u2019albero tra le trincee<\/b>\u201d (2013) di <b>Alessandro Schillitani<\/b>, un ideale pellegrinaggio sui luoghi della prima guerra mondiale effettuato <b>da Paolo Rumiz<\/b>: un viaggio della memoria e della piet\u00e0 per rintracciare e meditare su una storia drammatica divenuta immane tragedia.<\/p>\n<div align=\"center\">\n<hr align=\"center\" size=\"2\" width=\"100%\"\/>\n<\/div>\n<p>&nbsp;<\/p>\n<p>In dettaglio il calendario \u00e8 il seguente:<\/p>\n<p><b>17 gennaio 2014<\/b> \u201cProva d\u2019orchestra\u201d (1979) di Federico Fellini presentatore-moderatore <b>Roberto Costella<\/b>;<\/p>\n<p><b>24 gennaio 2014 <\/b>\u201cL\u2019isola\u201d (2006) di Pavel Lunguin presentatore-moderatore <b>Gaetano De Biase<\/b>;<\/p>\n<p><b>31 gennaio 2014 <\/b>\u201cIqbal\u201d (1998) di Cinzia Torrini presentatore-moderatore <b>Antonio Giandon<\/b>;<\/p>\n<p><b>7 febbraio 2014 <\/b>\u201cL\u2019albero tra le trincee\u201d (2013) di Alessandro Schillitani presentatore-moderatore <b>Paolo Piccinin<\/b>.<\/p>\n<p>&nbsp;<\/p>\n<p>Le proiezioni si terranno di venerd\u00ec, alle ore 20,30; a fine proiezione, \u00e8 previsto il dibattito sul film e sulle problematiche affrontate. L\u2019ingresso, come da tradizione e in linea con lo spirito dell\u2019iniziativa, \u00e8 libero.<\/p>\n<p>&nbsp;<\/p>\n<p>Il comitato organizzatore (Graziano, Roberto e Silvano)<\/p>\n","protected":false},"excerpt":{"rendered":"<p>CINEFORUM PARROCCHIALE, 2014 Presso la Sala proiezioni della Canonica di Basalghelle, dopo l\u2019edizione \u201cOltre i Muri\u201d del 2013, ritorna il Cineforum parrocchiale: \u00e8 titolato \u201cESTREMI\u201d in riferimento a tematiche che presentano storie di vita individuale o collettiva, del presente o del passato, reali o simboliche, che sono problematicamente \u201cal limite\u201d e ci\u00f2 per intensit\u00e0 e &hellip; <\/p>\n<p class=\"link-more\"><a href=\"https:\/\/www.mansueviva.it\/cineforum\/wp\/?page_id=117\" class=\"more-link\">Leggi tutto<span class=\"screen-reader-text\"> &#8220;Presentazione 2014&#8221;<\/span><\/a><\/p>\n","protected":false},"author":1,"featured_media":0,"parent":0,"menu_order":0,"comment_status":"closed","ping_status":"closed","template":"","meta":[],"_links":{"self":[{"href":"https:\/\/www.mansueviva.it\/cineforum\/wp\/index.php?rest_route=\/wp\/v2\/pages\/117"}],"collection":[{"href":"https:\/\/www.mansueviva.it\/cineforum\/wp\/index.php?rest_route=\/wp\/v2\/pages"}],"about":[{"href":"https:\/\/www.mansueviva.it\/cineforum\/wp\/index.php?rest_route=\/wp\/v2\/types\/page"}],"author":[{"embeddable":true,"href":"https:\/\/www.mansueviva.it\/cineforum\/wp\/index.php?rest_route=\/wp\/v2\/users\/1"}],"replies":[{"embeddable":true,"href":"https:\/\/www.mansueviva.it\/cineforum\/wp\/index.php?rest_route=%2Fwp%2Fv2%2Fcomments&post=117"}],"version-history":[{"count":3,"href":"https:\/\/www.mansueviva.it\/cineforum\/wp\/index.php?rest_route=\/wp\/v2\/pages\/117\/revisions"}],"predecessor-version":[{"id":239,"href":"https:\/\/www.mansueviva.it\/cineforum\/wp\/index.php?rest_route=\/wp\/v2\/pages\/117\/revisions\/239"}],"wp:attachment":[{"href":"https:\/\/www.mansueviva.it\/cineforum\/wp\/index.php?rest_route=%2Fwp%2Fv2%2Fmedia&parent=117"}],"curies":[{"name":"wp","href":"https:\/\/api.w.org\/{rel}","templated":true}]}}